{"id":61243,"date":"2019-05-27T09:03:17","date_gmt":"2019-05-27T09:03:17","guid":{"rendered":"http:\/\/34.219.31.60\/wordpressdef\/?page_id=61243"},"modified":"2022-12-01T08:30:13","modified_gmt":"2022-12-01T08:30:13","slug":"1-las-fracciones-y-sus-terminos-unidad-5-3o-primaria","status":"publish","type":"page","link":"https:\/\/wp.ecreatus.com\/1-las-fracciones-y-sus-terminos-unidad-5-3o-primaria\/","title":{"rendered":"1. Las fracciones y sus t\u00e9rminos (Unidad 5. 3\u00ba Primaria)"},"content":{"rendered":"[vc_row][vc_column][vc_single_image image=\u00bb63586&#8243; img_size=\u00bb1000&#215;250&#8243; alignment=\u00bbcenter\u00bb style=\u00bbvc_box_shadow_3d\u00bb onclick=\u00bbzoom\u00bb css_animation=\u00bbrotateInDownLeft\u00bb][\/vc_column][\/vc_row][vc_row][vc_column][vc_separator][\/vc_column][\/vc_row][vc_row][vc_column][vc_tta_accordion style=\u00bbmodern\u00bb shape=\u00bbround\u00bb color=\u00bbsky\u00bb gap=\u00bb5&#8243; c_icon=\u00bbchevron\u00bb active_section=\u00bb\u00bb no_fill=\u00bbtrue\u00bb collapsible_all=\u00bbtrue\u00bb][vc_tta_section title=\u00bb1. Las facciones y sus t\u00e9rminos\u00bb tab_id=\u00bb1512121532845-4c251f4b-63be\u00bb][vc_column_text css_animation=\u00bbnone\u00bb]<span style=\"font-size: 24px; color: #000000;\">Definici\u00f3n de fracci\u00f3n<\/span><\/p>\n<p style=\"text-align: justify;\">La <b>fracci\u00f3n<\/b>\u00a0se utiliza para representar las partes de una unidad o de un todo.<\/p>\n<p>&nbsp;<\/p>\n<div class=\"su-box su-box-style-default\" id=\"\" style=\"border-color:#cc7700;border-radius:3px\"><div class=\"su-box-title\" style=\"background-color:#ffaa2b;color:#FFFFFF;border-top-left-radius:1px;border-top-right-radius:1px\">Ejemplo<\/div><div class=\"su-box-content su-u-clearfix su-u-trim\" style=\"border-bottom-left-radius:1px;border-bottom-right-radius:1px\">\n<p><img class=\"aligncenter wp-image-96092\" src=\"https:\/\/wp.ecreatus.com\/wp-content\/uploads\/2019\/11\/Imagen5-2.png\" alt=\"\" width=\"800\" height=\"155\" \/><\/p>\n<\/div><\/div>\n<p style=\"text-align: justify;\"><img class=\"alignright wp-image-96245\" src=\"https:\/\/wp.ecreatus.com\/wp-content\/uploads\/2019\/11\/Imagen29.png\" alt=\"\" width=\"180\" height=\"62\" \/><strong>Una fracci\u00f3n es una divisi\u00f3n<\/strong>. Es decir, la raya de la fracci\u00f3n equivale al signo de la divisi\u00f3n \u00ab:\u00bb.<\/p>\n<p style=\"text-align: justify;\">Cuando el resultado de una fracci\u00f3n, es decir de la divisi\u00f3n, es menor que la unidad se denomina <strong>fracci\u00f3n propia<\/strong>.<\/p>\n<p><span style=\"font-size: 20px; color: #000000;\">T\u00e9rminos de una fracci\u00f3n<\/span><\/p>\n<p style=\"text-align: justify;\">Los t\u00e9rminos de una fracci\u00f3n son:<\/p>\n<ul>\n<li style=\"text-align: justify;\"><strong>Numerador<\/strong>: indica el n\u00famero de partes que se toman de la unidad o el todo.<\/li>\n<li style=\"text-align: justify;\"><strong>Denominador<\/strong>: indica el n\u00famero de partes iguales en la que est\u00e1 dividida la unidad\u00a0o el todo.<\/li>\n<\/ul>\n<div class=\"su-box su-box-style-default\" id=\"\" style=\"border-color:#cc7700;border-radius:3px\"><div class=\"su-box-title\" style=\"background-color:#ffaa2b;color:#FFFFFF;border-top-left-radius:1px;border-top-right-radius:1px\">Ejemplo<\/div><div class=\"su-box-content su-u-clearfix su-u-trim\" style=\"border-bottom-left-radius:1px;border-bottom-right-radius:1px\">\n<p style=\"text-align: justify;\"><b>\u00bfQu\u00e9 fracci\u00f3n representa la parte coloreada? Indica los t\u00e9rminos de las fracciones:<\/b><\/p>\n<p><img class=\"aligncenter wp-image-96098\" src=\"https:\/\/wp.ecreatus.com\/wp-content\/uploads\/2019\/11\/Imagen7-1.png\" alt=\"\" width=\"500\" height=\"255\" \/><\/p>\n<\/div><\/div>[\/vc_column_text][vc_text_separator title=\u00bbProblema resuelto\u00bb title_align=\u00bbseparator_align_left\u00bb color=\u00bborange\u00bb border_width=\u00bb3&#8243;][vc_row_inner][vc_column_inner][vc_column_text]<strong>\u00bfCu\u00e1ntas onzas tiene la tableta de chocolate?<\/strong><\/p>\n<p><img class=\"aligncenter wp-image-96110\" src=\"https:\/\/wp.ecreatus.com\/wp-content\/uploads\/2019\/11\/Imagen8-2.png\" alt=\"\" width=\"750\" height=\"211\" \/><\/p>\n<p style=\"text-align: justify;\"><strong>Manuela se come tres onzas de la tableta de chocolate. \u00bfCon qu\u00e9 fracci\u00f3n representaremos las onzas que se ha comido Manuela?<\/strong><\/p>\n<p><strong><img class=\"aligncenter wp-image-96119\" src=\"https:\/\/wp.ecreatus.com\/wp-content\/uploads\/2019\/11\/Imagen9-1.png\" alt=\"\" width=\"800\" height=\"163\" \/><\/strong><\/p>\n<p><strong>\u00bfQu\u00e9 fracci\u00f3n de la tableta de chocolate no se ha comido Manuela?<\/strong><\/p>\n<p><img class=\"aligncenter wp-image-96129\" src=\"https:\/\/wp.ecreatus.com\/wp-content\/uploads\/2019\/11\/Imagen10-1.png\" alt=\"\" width=\"500\" height=\"153\" \/>[\/vc_column_text][\/vc_column_inner][\/vc_row_inner][vc_separator color=\u00bborange\u00bb border_width=\u00bb3&#8243;][vc_message message_box_color=\u00bborange\u00bb icon_fontawesome=\u00bbfa fa-pencil-square-o\u00bb]Actividades[\/vc_message][vc_text_separator title=\u00bbRealiza en tu cuaderno\u00bb title_align=\u00bbseparator_align_left\u00bb color=\u00bborange\u00bb border_width=\u00bb3&#8243;][vc_row_inner][vc_column_inner width=\u00bb1\/2&#8243;][vc_column_text]\n<p style=\"text-align: justify;\"><strong>1. Escribe la fracci\u00f3n que representa la parte coloreada de cada figura<\/strong>:<\/p>\n<p><img class=\"aligncenter wp-image-96144\" src=\"https:\/\/wp.ecreatus.com\/wp-content\/uploads\/2019\/11\/Imagen12.png\" alt=\"\" width=\"500\" height=\"126\" \/><\/p>\n<p style=\"text-align: justify;\"><strong>Colorea en cada figura la fracci\u00f3n que se indica<\/strong>:<\/p>\n<p><img class=\"aligncenter wp-image-96147\" src=\"https:\/\/wp.ecreatus.com\/wp-content\/uploads\/2019\/11\/Imagen13.png\" alt=\"\" width=\"500\" height=\"209\" \/>[\/vc_column_text][\/vc_column_inner][vc_column_inner width=\u00bb1\/2&#8243;][vc_column_text]\n<p style=\"text-align: justify;\"><strong>2. \u00bfQu\u00e9 fracci\u00f3n de bater\u00eda se ha gastado en cada tel\u00e9fono m\u00f3vil? \u00bfY qu\u00e9 fracci\u00f3n de bater\u00eda queda sin gastar en cada uno?<\/strong><\/p>\n<p><img class=\"aligncenter wp-image-96157\" src=\"https:\/\/wp.ecreatus.com\/wp-content\/uploads\/2019\/11\/Imagen16.png\" alt=\"\" width=\"250\" height=\"343\" \/>[\/vc_column_text][\/vc_column_inner][\/vc_row_inner][vc_separator color=\u00bborange\u00bb border_width=\u00bb3&#8243;][\/vc_tta_section][\/vc_tta_accordion][\/vc_column][\/vc_row][vc_row][vc_column width=\u00bb1\/2&#8243;][vc_icon icon_fontawesome=\u00bbfas fa-arrow-left\u00bb color=\u00bbblack\u00bb background_style=\u00bbrounded-less-outline\u00bb background_color=\u00bbblack\u00bb css_animation=\u00bbfadeInRight\u00bb link=\u00bburl:https%3A%2F%2Fwp.ecreatus.com%2Fintroduccion-a-las-fracciones-unidad-5-3o-primaria%2F\u00bb][\/vc_column][vc_column width=\u00bb1\/2&#8243;][vc_icon icon_fontawesome=\u00bbfas fa-arrow-right\u00bb color=\u00bbblack\u00bb background_style=\u00bbrounded-less-outline\u00bb background_color=\u00bbblack\u00bb align=\u00bbright\u00bb css_animation=\u00bbfadeInLeft\u00bb link=\u00bburl:https%3A%2F%2Fwp.ecreatus.com%2F2-lectura-y-escritura-de-fracciones-unidad-5-3o-primaria%2F\u00bb][\/vc_column][\/vc_row]\n","protected":false},"excerpt":{"rendered":"<p>[vc_row][vc_column][vc_single_image image=\u00bb63586&#8243; img_size=\u00bb1000&#215;250&#8243; alignment=\u00bbcenter\u00bb style=\u00bbvc_box_shadow_3d\u00bb onclick=\u00bbzoom\u00bb css_animation=\u00bbrotateInDownLeft\u00bb][\/vc_column][\/vc_row][vc_row][vc_column][vc_separator][\/vc_column][\/vc_row][vc_row][vc_column][vc_tta_accordion style=\u00bbmodern\u00bb shape=\u00bbround\u00bb color=\u00bbsky\u00bb gap=\u00bb5&#8243; c_icon=\u00bbchevron\u00bb active_section=\u00bb\u00bb no_fill=\u00bbtrue\u00bb collapsible_all=\u00bbtrue\u00bb][vc_tta_section title=\u00bb1. Las facciones y sus t\u00e9rminos\u00bb tab_id=\u00bb1512121532845-4c251f4b-63be\u00bb][vc_column_text css_animation=\u00bbnone\u00bb]Definici\u00f3n de fracci\u00f3n La fracci\u00f3n\u00a0se utiliza para representar las partes de una unidad o de un todo. &nbsp; Una fracci\u00f3n es una divisi\u00f3n. Es decir, la raya de la fracci\u00f3n equivale al signo &hellip; <\/p>\n","protected":false},"author":14,"featured_media":0,"parent":0,"menu_order":0,"comment_status":"closed","ping_status":"closed","template":"","meta":[],"categories":[5258,5046,5342],"tags":[],"_links":{"self":[{"href":"https:\/\/wp.ecreatus.com\/wp-json\/wp\/v2\/pages\/61243"}],"collection":[{"href":"https:\/\/wp.ecreatus.com\/wp-json\/wp\/v2\/pages"}],"about":[{"href":"https:\/\/wp.ecreatus.com\/wp-json\/wp\/v2\/types\/page"}],"author":[{"embeddable":true,"href":"https:\/\/wp.ecreatus.com\/wp-json\/wp\/v2\/users\/14"}],"replies":[{"embeddable":true,"href":"https:\/\/wp.ecreatus.com\/wp-json\/wp\/v2\/comments?post=61243"}],"version-history":[{"count":6,"href":"https:\/\/wp.ecreatus.com\/wp-json\/wp\/v2\/pages\/61243\/revisions"}],"predecessor-version":[{"id":267223,"href":"https:\/\/wp.ecreatus.com\/wp-json\/wp\/v2\/pages\/61243\/revisions\/267223"}],"wp:attachment":[{"href":"https:\/\/wp.ecreatus.com\/wp-json\/wp\/v2\/media?parent=61243"}],"wp:term":[{"taxonomy":"category","embeddable":true,"href":"https:\/\/wp.ecreatus.com\/wp-json\/wp\/v2\/categories?post=61243"},{"taxonomy":"post_tag","embeddable":true,"href":"https:\/\/wp.ecreatus.com\/wp-json\/wp\/v2\/tags?post=61243"}],"curies":[{"name":"wp","href":"https:\/\/api.w.org\/{rel}","templated":true}]}}